{"id":30485,"date":"2024-12-17T10:41:51","date_gmt":"2024-12-17T09:41:51","guid":{"rendered":"https:\/\/www.fleurette-florium.fr\/?page_id=30485"},"modified":"2025-04-30T15:53:57","modified_gmt":"2025-04-30T14:53:57","slug":"black-pearl-der-komfortable-camper-van","status":"publish","type":"page","link":"https:\/\/www.fleurette-florium.fr\/de\/black-pearl-der-komfortable-camper-van\/","title":{"rendered":"Black Pearl &#8211; Der komfortable Camper Van"},"content":{"rendered":"<div class=\"wpb-content-wrapper\"><p>[vc_row][vc_column][rev_slider_vc alias=&nbsp;&raquo;gamme_black-pearl&nbsp;&raquo;][\/vc_column][\/vc_row][vc_row][vc_column width=&nbsp;&raquo;2\/3&Prime;][vc_column_text css=&nbsp;&raquo;&nbsp;&raquo; el_class=&nbsp;&raquo;contenu_lisible&nbsp;&raquo;]<\/p>\n<h1><b>Florium Black Pearl: Der Camper Van f\u00fcr komfortable Reisen<\/b><\/h1>\n<p>[\/vc_column_text][vc_column_text css=&nbsp;&raquo;&nbsp;&raquo; el_class=&nbsp;&raquo;contenu_lisible&nbsp;&raquo;]F\u00fcr die Kollektion 2025 erweitert Florium seine Modellreihe mit dem brandneuen kompakten Modell Black Pearl im Segment der Camper Vans.<\/p>\n<p>Der Florium Black Pearl ist ein hochwertiger Camper Van mit franz\u00f6sischem Chic, handgefertigten M\u00f6beln und einer exklusiven, hochwertigen Polsterung. Das Modell wird in zwei L\u00e4ngen und zwei Grundrissen angeboten \u2013 mit einem Querbett im Heck oder mit Einzelbetten.<\/p>\n<p>Es bietet ein cleveres Badezimmer mit dem Vario-System, das dank einer schwenkbaren Wand die Umwandlung in eine Dusche oder eine ger\u00e4umige Toilette erm\u00f6glicht.<\/p>\n<p>Reisen Sie unbeschwert und verantwortungsbewusst dank innovativer und reisefreundlicher Technologien: Lithium-Batterie 100 Ah, Kompressionsk\u00fchlschrank und 100% LED-Beleuchtung.[\/vc_column_text][\/vc_column][vc_column width=&nbsp;&raquo;1\/3&Prime;][vc_column_text css=&nbsp;&raquo;&nbsp;&raquo; el_class=&nbsp;&raquo;liste_check_rouge florium&nbsp;&raquo;]<\/p>\n<h3>UNSERE HIGHLIGHTS<\/h3>\n<ul>\n<li>Die serienm\u00e4\u00dfigen Alufelgen.<\/li>\n<li>Das Skyview f\u00fcr nat\u00fcrliches Licht und ein gro\u00dfartiges Raumgef\u00fchl.<\/li>\n<li>Die funktionale K\u00fcche mit zahlreichen Staur\u00e4umen.<\/li>\n<li>Der gro\u00dfe Kompressionsk\u00fchlschrank (135\u00a0L), f\u00fcr Energieautonomie auch auf l\u00e4ngere Reisen.<\/li>\n<li>Der Komfort der Truma 4D Dieselheizung, auch bei sehr kaltem Wetter, dank optimaler Isolierung.<\/li>\n<li>Die ausgesprochen moderne Innenausstattung und Polsterung \u201eBlack Pearl\u201c.<\/li>\n<li>Die 4 verf\u00fcgbaren Karosseriefarben.<\/li>\n<\/ul>\n<p>[\/vc_column_text][\/vc_column][\/vc_row][vc_row][vc_column][vc_video link=&nbsp;&raquo;https:\/\/www.youtube.com\/watch?v=h8a4uDU3QRQ&nbsp;&raquo; align=&nbsp;&raquo;center&nbsp;&raquo; css=&nbsp;&raquo;&nbsp;&raquo;][\/vc_column][\/vc_row][vc_row el_class=&nbsp;&raquo;fullwidth_element margin-top-30 margin-bottom-none&nbsp;&raquo; el_id=&nbsp;&raquo;autres_produits&nbsp;&raquo;][vc_column css=&nbsp;&raquo;.vc_custom_1438272808096{padding-top: 35px !important;padding-right: 100px !important;padding-bottom: 50px !important;padding-left: 100px !important;background-color: #efefee !important;}&nbsp;&raquo;][vc_row_inner][vc_column_inner][vc_column_text css=&nbsp;&raquo;&nbsp;&raquo;]<\/p>\n<h3>Entdecken Sie die Modelle der Reihe Florium BLACK PEARL<\/h3>\n<p>[\/vc_column_text][\/vc_column_inner][\/vc_row_inner][vc_row_inner][vc_column_inner width=&nbsp;&raquo;1\/4&Prime;][vc_single_image image=&nbsp;&raquo;29731&Prime; img_size=&nbsp;&raquo;260&#215;260&Prime; onclick=&nbsp;&raquo;custom_link&nbsp;&raquo; css=&nbsp;&raquo;&nbsp;&raquo; link=&nbsp;&raquo;https:\/\/www.fleurette-florium.fr\/de\/listings\/black-pearl-59-lt-querbett\/&nbsp;&raquo;][\/vc_column_inner][vc_column_inner width=&nbsp;&raquo;1\/4&Prime;][vc_single_image image=&nbsp;&raquo;29736&Prime; img_size=&nbsp;&raquo;260&#215;260&Prime; alignment=&nbsp;&raquo;center&nbsp;&raquo; onclick=&nbsp;&raquo;custom_link&nbsp;&raquo; css=&nbsp;&raquo;&nbsp;&raquo; link=&nbsp;&raquo;https:\/\/www.fleurette-florium.fr\/de\/listings\/black-pearl-63lj-einzelbetten\/&nbsp;&raquo;][\/vc_column_inner][\/vc_row_inner][\/vc_column][\/vc_row]<\/p>\n<\/div>","protected":false},"excerpt":{"rendered":"<p>[vc_row][vc_column][rev_slider_vc alias=&nbsp;&raquo;gamme_black-pearl&nbsp;&raquo;][\/vc_column][\/vc_row][vc_row][vc_column width=&nbsp;&raquo;2\/3&Prime;][vc_column_text css=&nbsp;&raquo;&nbsp;&raquo; el_class=&nbsp;&raquo;contenu_lisible&nbsp;&raquo;] Florium Black Pearl: Der Camper Van f\u00fcr komfortable Reisen [\/vc_column_text][vc_column_text css=&nbsp;&raquo;&nbsp;&raquo; el_class=&nbsp;&raquo;contenu_lisible&nbsp;&raquo;]F\u00fcr die Kollektion 2025 erweitert Florium seine Modellreihe mit dem brandneuen kompakten Modell Black Pearl im Segment der Camper Vans. Der Florium Black Pearl ist ein hochwertiger Camper Van mit franz\u00f6sischem Chic, handgefertigten M\u00f6beln und einer exklusiven, hochwertigen Polsterung. [&hellip;]<\/p>\n","protected":false},"author":52637,"featured_media":30428,"parent":0,"menu_order":0,"comment_status":"closed","ping_status":"closed","template":"","meta":{"_acf_changed":false,"footnotes":""},"class_list":["post-30485","page","type-page","status-publish","has-post-thumbnail","hentry"],"acf":[],"yoast_head":"<!-- This site is optimized with the Yoast SEO plugin v27.5 - https:\/\/yoast.com\/product\/yoast-seo-wordpress\/ -->\n<title>Black Pearl - Der komfortable Camper Van - Fleurette Florium<\/title>\n<meta name=\"robots\" content=\"index, follow, max-snippet:-1, max-image-preview:large, max-video-preview:-1\" \/>\n<link rel=\"canonical\" href=\"https:\/\/www.fleurette-florium.fr\/de\/black-pearl-der-komfortable-camper-van\/\" \/>\n<meta property=\"og:locale\" content=\"de_DE\" \/>\n<meta property=\"og:type\" content=\"article\" \/>\n<meta property=\"og:title\" content=\"Black Pearl - Der komfortable Camper Van - Fleurette Florium\" \/>\n<meta property=\"og:description\" content=\"[vc_row][vc_column][rev_slider_vc alias=&nbsp;&raquo;gamme_black-pearl&nbsp;&raquo;][\/vc_column][\/vc_row][vc_row][vc_column width=&nbsp;&raquo;2\/3&Prime;][vc_column_text css=&nbsp;&raquo;&nbsp;&raquo; el_class=&nbsp;&raquo;contenu_lisible&nbsp;&raquo;] Florium Black Pearl: Der Camper Van f\u00fcr komfortable Reisen [\/vc_column_text][vc_column_text css=&nbsp;&raquo;&nbsp;&raquo; el_class=&nbsp;&raquo;contenu_lisible&nbsp;&raquo;]F\u00fcr die Kollektion 2025 erweitert Florium seine Modellreihe mit dem brandneuen kompakten Modell Black Pearl im Segment der Camper Vans. Der Florium Black Pearl ist ein hochwertiger Camper Van mit franz\u00f6sischem Chic, handgefertigten M\u00f6beln und einer exklusiven, hochwertigen Polsterung. [&hellip;]\" \/>\n<meta property=\"og:url\" content=\"https:\/\/www.fleurette-florium.fr\/de\/black-pearl-der-komfortable-camper-van\/\" \/>\n<meta property=\"og:site_name\" content=\"Fleurette Florium\" \/>\n<meta property=\"article:modified_time\" content=\"2025-04-30T14:53:57+00:00\" \/>\n<meta property=\"og:image\" content=\"https:\/\/www.fleurette-florium.fr\/wp-content\/uploads\/2024\/10\/fleurette-florium-fourgon-black-pearl-salon.jpg\" \/>\n\t<meta property=\"og:image:width\" content=\"1580\" \/>\n\t<meta property=\"og:image:height\" content=\"1172\" \/>\n\t<meta property=\"og:image:type\" content=\"image\/jpeg\" \/>\n<meta name=\"twitter:label1\" content=\"Gesch\u00e4tzte Lesezeit\" \/>\n\t<meta name=\"twitter:data1\" content=\"2 minutes\" \/>\n<script type=\"application\/ld+json\" class=\"yoast-schema-graph\">{\"@context\":\"https:\\\/\\\/schema.org\",\"@graph\":[{\"@type\":\"WebPage\",\"@id\":\"https:\\\/\\\/www.fleurette-florium.fr\\\/de\\\/black-pearl-der-komfortable-camper-van\\\/\",\"url\":\"https:\\\/\\\/www.fleurette-florium.fr\\\/de\\\/black-pearl-der-komfortable-camper-van\\\/\",\"name\":\"Black Pearl - Der komfortable Camper Van - Fleurette Florium\",\"isPartOf\":{\"@id\":\"https:\\\/\\\/www.fleurette-florium.fr\\\/#website\"},\"primaryImageOfPage\":{\"@id\":\"https:\\\/\\\/www.fleurette-florium.fr\\\/de\\\/black-pearl-der-komfortable-camper-van\\\/#primaryimage\"},\"image\":{\"@id\":\"https:\\\/\\\/www.fleurette-florium.fr\\\/de\\\/black-pearl-der-komfortable-camper-van\\\/#primaryimage\"},\"thumbnailUrl\":\"https:\\\/\\\/www.fleurette-florium.fr\\\/wp-content\\\/uploads\\\/2024\\\/10\\\/fleurette-florium-fourgon-black-pearl-salon.jpg\",\"datePublished\":\"2024-12-17T09:41:51+00:00\",\"dateModified\":\"2025-04-30T14:53:57+00:00\",\"breadcrumb\":{\"@id\":\"https:\\\/\\\/www.fleurette-florium.fr\\\/de\\\/black-pearl-der-komfortable-camper-van\\\/#breadcrumb\"},\"inLanguage\":\"de-DE\",\"potentialAction\":[{\"@type\":\"ReadAction\",\"target\":[\"https:\\\/\\\/www.fleurette-florium.fr\\\/de\\\/black-pearl-der-komfortable-camper-van\\\/\"]}]},{\"@type\":\"ImageObject\",\"inLanguage\":\"de-DE\",\"@id\":\"https:\\\/\\\/www.fleurette-florium.fr\\\/de\\\/black-pearl-der-komfortable-camper-van\\\/#primaryimage\",\"url\":\"https:\\\/\\\/www.fleurette-florium.fr\\\/wp-content\\\/uploads\\\/2024\\\/10\\\/fleurette-florium-fourgon-black-pearl-salon.jpg\",\"contentUrl\":\"https:\\\/\\\/www.fleurette-florium.fr\\\/wp-content\\\/uploads\\\/2024\\\/10\\\/fleurette-florium-fourgon-black-pearl-salon.jpg\",\"width\":1580,\"height\":1172},{\"@type\":\"BreadcrumbList\",\"@id\":\"https:\\\/\\\/www.fleurette-florium.fr\\\/de\\\/black-pearl-der-komfortable-camper-van\\\/#breadcrumb\",\"itemListElement\":[{\"@type\":\"ListItem\",\"position\":1,\"name\":\"\",\"item\":\"https:\\\/\\\/www.fleurette-florium.fr\\\/de\\\/\"},{\"@type\":\"ListItem\",\"position\":2,\"name\":\"Black Pearl &#8211; Der komfortable Camper Van\"}]},{\"@type\":\"WebSite\",\"@id\":\"https:\\\/\\\/www.fleurette-florium.fr\\\/#website\",\"url\":\"https:\\\/\\\/www.fleurette-florium.fr\\\/\",\"name\":\"Fleurette Florium\",\"description\":\"\",\"publisher\":{\"@id\":\"https:\\\/\\\/www.fleurette-florium.fr\\\/#organization\"},\"potentialAction\":[{\"@type\":\"SearchAction\",\"target\":{\"@type\":\"EntryPoint\",\"urlTemplate\":\"https:\\\/\\\/www.fleurette-florium.fr\\\/?s={search_term_string}\"},\"query-input\":{\"@type\":\"PropertyValueSpecification\",\"valueRequired\":true,\"valueName\":\"search_term_string\"}}],\"inLanguage\":\"de-DE\"},{\"@type\":\"Organization\",\"@id\":\"https:\\\/\\\/www.fleurette-florium.fr\\\/#organization\",\"name\":\"Fleurette Florium\",\"url\":\"https:\\\/\\\/www.fleurette-florium.fr\\\/\",\"logo\":{\"@type\":\"ImageObject\",\"inLanguage\":\"de-DE\",\"@id\":\"https:\\\/\\\/www.fleurette-florium.fr\\\/#\\\/schema\\\/logo\\\/image\\\/\",\"url\":\"https:\\\/\\\/www.fleurette-florium.fr\\\/wp-content\\\/uploads\\\/2021\\\/07\\\/logo-fleurette-florium-scaled.png\",\"contentUrl\":\"https:\\\/\\\/www.fleurette-florium.fr\\\/wp-content\\\/uploads\\\/2021\\\/07\\\/logo-fleurette-florium-scaled.png\",\"width\":2560,\"height\":830,\"caption\":\"Fleurette Florium\"},\"image\":{\"@id\":\"https:\\\/\\\/www.fleurette-florium.fr\\\/#\\\/schema\\\/logo\\\/image\\\/\"}}]}<\/script>\n<!-- \/ Yoast SEO plugin. -->","yoast_head_json":{"title":"Black Pearl - Der komfortable Camper Van - Fleurette Florium","robots":{"index":"index","follow":"follow","max-snippet":"max-snippet:-1","max-image-preview":"max-image-preview:large","max-video-preview":"max-video-preview:-1"},"canonical":"https:\/\/www.fleurette-florium.fr\/de\/black-pearl-der-komfortable-camper-van\/","og_locale":"de_DE","og_type":"article","og_title":"Black Pearl - Der komfortable Camper Van - Fleurette Florium","og_description":"[vc_row][vc_column][rev_slider_vc alias=&nbsp;&raquo;gamme_black-pearl&nbsp;&raquo;][\/vc_column][\/vc_row][vc_row][vc_column width=&nbsp;&raquo;2\/3&Prime;][vc_column_text css=&nbsp;&raquo;&nbsp;&raquo; el_class=&nbsp;&raquo;contenu_lisible&nbsp;&raquo;] Florium Black Pearl: Der Camper Van f\u00fcr komfortable Reisen [\/vc_column_text][vc_column_text css=&nbsp;&raquo;&nbsp;&raquo; el_class=&nbsp;&raquo;contenu_lisible&nbsp;&raquo;]F\u00fcr die Kollektion 2025 erweitert Florium seine Modellreihe mit dem brandneuen kompakten Modell Black Pearl im Segment der Camper Vans. Der Florium Black Pearl ist ein hochwertiger Camper Van mit franz\u00f6sischem Chic, handgefertigten M\u00f6beln und einer exklusiven, hochwertigen Polsterung. [&hellip;]","og_url":"https:\/\/www.fleurette-florium.fr\/de\/black-pearl-der-komfortable-camper-van\/","og_site_name":"Fleurette Florium","article_modified_time":"2025-04-30T14:53:57+00:00","og_image":[{"width":1580,"height":1172,"url":"https:\/\/www.fleurette-florium.fr\/wp-content\/uploads\/2024\/10\/fleurette-florium-fourgon-black-pearl-salon.jpg","type":"image\/jpeg"}],"twitter_misc":{"Gesch\u00e4tzte Lesezeit":"2 minutes"},"schema":{"@context":"https:\/\/schema.org","@graph":[{"@type":"WebPage","@id":"https:\/\/www.fleurette-florium.fr\/de\/black-pearl-der-komfortable-camper-van\/","url":"https:\/\/www.fleurette-florium.fr\/de\/black-pearl-der-komfortable-camper-van\/","name":"Black Pearl - Der komfortable Camper Van - Fleurette Florium","isPartOf":{"@id":"https:\/\/www.fleurette-florium.fr\/#website"},"primaryImageOfPage":{"@id":"https:\/\/www.fleurette-florium.fr\/de\/black-pearl-der-komfortable-camper-van\/#primaryimage"},"image":{"@id":"https:\/\/www.fleurette-florium.fr\/de\/black-pearl-der-komfortable-camper-van\/#primaryimage"},"thumbnailUrl":"https:\/\/www.fleurette-florium.fr\/wp-content\/uploads\/2024\/10\/fleurette-florium-fourgon-black-pearl-salon.jpg","datePublished":"2024-12-17T09:41:51+00:00","dateModified":"2025-04-30T14:53:57+00:00","breadcrumb":{"@id":"https:\/\/www.fleurette-florium.fr\/de\/black-pearl-der-komfortable-camper-van\/#breadcrumb"},"inLanguage":"de-DE","potentialAction":[{"@type":"ReadAction","target":["https:\/\/www.fleurette-florium.fr\/de\/black-pearl-der-komfortable-camper-van\/"]}]},{"@type":"ImageObject","inLanguage":"de-DE","@id":"https:\/\/www.fleurette-florium.fr\/de\/black-pearl-der-komfortable-camper-van\/#primaryimage","url":"https:\/\/www.fleurette-florium.fr\/wp-content\/uploads\/2024\/10\/fleurette-florium-fourgon-black-pearl-salon.jpg","contentUrl":"https:\/\/www.fleurette-florium.fr\/wp-content\/uploads\/2024\/10\/fleurette-florium-fourgon-black-pearl-salon.jpg","width":1580,"height":1172},{"@type":"BreadcrumbList","@id":"https:\/\/www.fleurette-florium.fr\/de\/black-pearl-der-komfortable-camper-van\/#breadcrumb","itemListElement":[{"@type":"ListItem","position":1,"name":"","item":"https:\/\/www.fleurette-florium.fr\/de\/"},{"@type":"ListItem","position":2,"name":"Black Pearl &#8211; Der komfortable Camper Van"}]},{"@type":"WebSite","@id":"https:\/\/www.fleurette-florium.fr\/#website","url":"https:\/\/www.fleurette-florium.fr\/","name":"Fleurette Florium","description":"","publisher":{"@id":"https:\/\/www.fleurette-florium.fr\/#organization"},"potentialAction":[{"@type":"SearchAction","target":{"@type":"EntryPoint","urlTemplate":"https:\/\/www.fleurette-florium.fr\/?s={search_term_string}"},"query-input":{"@type":"PropertyValueSpecification","valueRequired":true,"valueName":"search_term_string"}}],"inLanguage":"de-DE"},{"@type":"Organization","@id":"https:\/\/www.fleurette-florium.fr\/#organization","name":"Fleurette Florium","url":"https:\/\/www.fleurette-florium.fr\/","logo":{"@type":"ImageObject","inLanguage":"de-DE","@id":"https:\/\/www.fleurette-florium.fr\/#\/schema\/logo\/image\/","url":"https:\/\/www.fleurette-florium.fr\/wp-content\/uploads\/2021\/07\/logo-fleurette-florium-scaled.png","contentUrl":"https:\/\/www.fleurette-florium.fr\/wp-content\/uploads\/2021\/07\/logo-fleurette-florium-scaled.png","width":2560,"height":830,"caption":"Fleurette Florium"},"image":{"@id":"https:\/\/www.fleurette-florium.fr\/#\/schema\/logo\/image\/"}}]}},"_links":{"self":[{"href":"https:\/\/www.fleurette-florium.fr\/de\/wp-json\/wp\/v2\/pages\/30485","targetHints":{"allow":["GET"]}}],"collection":[{"href":"https:\/\/www.fleurette-florium.fr\/de\/wp-json\/wp\/v2\/pages"}],"about":[{"href":"https:\/\/www.fleurette-florium.fr\/de\/wp-json\/wp\/v2\/types\/page"}],"author":[{"embeddable":true,"href":"https:\/\/www.fleurette-florium.fr\/de\/wp-json\/wp\/v2\/users\/52637"}],"replies":[{"embeddable":true,"href":"https:\/\/www.fleurette-florium.fr\/de\/wp-json\/wp\/v2\/comments?post=30485"}],"version-history":[{"count":6,"href":"https:\/\/www.fleurette-florium.fr\/de\/wp-json\/wp\/v2\/pages\/30485\/revisions"}],"predecessor-version":[{"id":30575,"href":"https:\/\/www.fleurette-florium.fr\/de\/wp-json\/wp\/v2\/pages\/30485\/revisions\/30575"}],"wp:featuredmedia":[{"embeddable":true,"href":"https:\/\/www.fleurette-florium.fr\/de\/wp-json\/wp\/v2\/media\/30428"}],"wp:attachment":[{"href":"https:\/\/www.fleurette-florium.fr\/de\/wp-json\/wp\/v2\/media?parent=30485"}],"curies":[{"name":"wp","href":"https:\/\/api.w.org\/{rel}","templated":true}]}}